{"id":2924,"date":"2022-08-01T16:49:30","date_gmt":"2022-08-01T14:49:30","guid":{"rendered":"https:\/\/ineskaiser-grace.fr\/a-propos-de-moi\/"},"modified":"2026-04-04T19:59:39","modified_gmt":"2026-04-04T17:59:39","slug":"a-propos-de-moi","status":"publish","type":"page","link":"https:\/\/ineskaiser-grace.fr\/fr\/a-propos-de-moi\/","title":{"rendered":"\u00c0 propos de moi"},"content":{"rendered":"\t\t<div data-elementor-type=\"wp-post\" data-elementor-id=\"2924\" class=\"elementor elementor-2924 elementor-541\">\n\t\t\t\t\t\t<section class=\"elementor-section elementor-top-section elementor-element elementor-element-f69e9f6 elementor-section-height-min-height elementor-section-items-bottom elementor-section-boxed elementor-section-height-default\" data-id=\"f69e9f6\" data-element_type=\"section\" data-e-type=\"section\" data-settings=\"{&quot;background_background&quot;:&quot;classic&quot;}\">\n\t\t\t\t\t\t\t<div class=\"elementor-background-overlay\"><\/div>\n\t\t\t\t\t\t\t<div class=\"elementor-container elementor-column-gap-default\">\n\t\t\t\t\t<div class=\"elementor-column elementor-col-100 elementor-top-column elementor-element elementor-element-f99e899\" data-id=\"f99e899\" data-element_type=\"column\" data-e-type=\"column\">\n\t\t\t<div class=\"elementor-widget-wrap elementor-element-populated\">\n\t\t\t\t\t\t\t<\/div>\n\t\t<\/div>\n\t\t\t\t\t<\/div>\n\t\t<\/section>\n\t\t\t\t<section class=\"elementor-section elementor-top-section elementor-element elementor-element-4536753 elementor-section-height-min-height elementor-section-boxed elementor-section-height-default elementor-section-items-middle\" data-id=\"4536753\" data-element_type=\"section\" data-e-type=\"section\" data-settings=\"{&quot;background_background&quot;:&quot;classic&quot;}\">\n\t\t\t\t\t\t<div class=\"elementor-container elementor-column-gap-wider\">\n\t\t\t\t\t<div class=\"elementor-column elementor-col-100 elementor-top-column elementor-element elementor-element-b76f591\" data-id=\"b76f591\" data-element_type=\"column\" data-e-type=\"column\" data-settings=\"{&quot;motion_fx_motion_fx_scrolling&quot;:&quot;yes&quot;,&quot;motion_fx_translateY_effect&quot;:&quot;yes&quot;,&quot;motion_fx_translateY_speed&quot;:{&quot;unit&quot;:&quot;px&quot;,&quot;size&quot;:2,&quot;sizes&quot;:[]},&quot;motion_fx_translateY_affectedRange&quot;:{&quot;unit&quot;:&quot;%&quot;,&quot;size&quot;:&quot;&quot;,&quot;sizes&quot;:{&quot;start&quot;:0,&quot;end&quot;:100}},&quot;motion_fx_devices&quot;:[&quot;desktop&quot;,&quot;tablet&quot;,&quot;mobile&quot;]}\">\n\t\t\t<div class=\"elementor-widget-wrap elementor-element-populated\">\n\t\t\t\t\t\t<div class=\"elementor-element elementor-element-caba774 elementor-widget elementor-widget-image\" data-id=\"caba774\" data-element_type=\"widget\" data-e-type=\"widget\" data-widget_type=\"image.default\">\n\t\t\t\t<div class=\"elementor-widget-container\">\n\t\t\t\t\t\t\t\t\t\t\t\t\t\t\t<img fetchpriority=\"high\" decoding=\"async\" width=\"300\" height=\"425\" src=\"https:\/\/ineskaiser-grace.fr\/wp-content\/uploads\/2022\/08\/Green-Watercolor-Leaf-on-Light-Yellow-Background-Framed-Art-Print-Kopie.png\" class=\"attachment-large size-large wp-image-1695\" alt=\"\" srcset=\"https:\/\/ineskaiser-grace.fr\/wp-content\/uploads\/2022\/08\/Green-Watercolor-Leaf-on-Light-Yellow-Background-Framed-Art-Print-Kopie.png 300w, https:\/\/ineskaiser-grace.fr\/wp-content\/uploads\/2022\/08\/Green-Watercolor-Leaf-on-Light-Yellow-Background-Framed-Art-Print-Kopie-212x300.png 212w\" sizes=\"(max-width: 300px) 100vw, 300px\" \/>\t\t\t\t\t\t\t\t\t\t\t\t\t\t\t<\/div>\n\t\t\t\t<\/div>\n\t\t\t\t<div class=\"elementor-element elementor-element-4e65917 elementor-widget elementor-widget-heading\" data-id=\"4e65917\" data-element_type=\"widget\" data-e-type=\"widget\" data-widget_type=\"heading.default\">\n\t\t\t\t<div class=\"elementor-widget-container\">\n\t\t\t\t\t<h2 class=\"elementor-heading-title elementor-size-default\">Exp\u00e9riences<\/h2>\t\t\t\t<\/div>\n\t\t\t\t<\/div>\n\t\t\t\t<div class=\"elementor-element elementor-element-0d83711 elementor-widget elementor-widget-text-editor\" data-id=\"0d83711\" data-element_type=\"widget\" data-e-type=\"widget\" data-widget_type=\"text-editor.default\">\n\t\t\t\t<div class=\"elementor-widget-container\">\n\t\t\t\t\t\t\t\t\t<p class=\"p1\">*<b>1978, <\/b>originaire du Liechtenstein<\/p><p>Fondatrice The Place of Grace &#8211; un lieu de connexion au vivant<\/p><h6 class=\"p1\"><strong>Psychoth\u00e9rapie corporelle<\/strong><\/h6><ul><li class=\"p1\">Core Energetics par John Pierrakos au Core Energetics Institute, Suisse et NICE &#8211; Netherlands Institute of Core Energetics<\/li><li class=\"p1\"><span style=\"font-family: var( --e-global-typography-3af547c-font-family ), Sans-serif; font-size: var( --e-global-typography-3af547c-font-size ); font-weight: var( --e-global-typography-3af547c-font-weight ); letter-spacing: var( --e-global-typography-3af547c-letter-spacing ); word-spacing: var( --e-global-typography-3af547c-word-spacing ); background-color: var( --e-global-color-a538b7b ); color: var( --e-global-color-1af8633 );\">Somatic Experiencing Practitioner (SEP) &#8211; Th\u00e9rapie des traumatismes par Peter Levine<\/span><\/li><li>Assistanat dans la formation Somatic Experiencing en France<\/li><\/ul><h6 class=\"p1\"><b>Spiritualit\u00e9, Principes quantique et chamanisme<\/b><\/h6><ul><li class=\"p1\">\u00c9tude des enseignements de Caroline Myss, Thomas H\u00fcbl, Joe Dispenza, Rupert Sheldrake, Bruce Lipton, Nassim Haramein, Sandra Ingerman, et autres.<\/li><li class=\"p1\">20 ans d&rsquo;exp\u00e9rience personnelle en gu\u00e9rison \u00e9nerg\u00e9tique, communication animale, constellations syst\u00e9miques, tantra, chamanisme &amp; application des principes quantiques<\/li><\/ul><h6 class=\"p1\"><b>Accompagnement avec des chevaux<\/b><\/h6><ul><li class=\"p1\">Praticienne EQUUSOMA (ESP) &#8211; Horse Human Trauma Recovery<br \/><span style=\"color: var( --e-global-color-1af8633 ); font-family: var( --e-global-typography-3af547c-font-family ), Sans-serif; font-size: var( --e-global-typography-3af547c-font-size ); letter-spacing: var( --e-global-typography-3af547c-letter-spacing ); word-spacing: var( --e-global-typography-3af547c-word-spacing ); background-color: var( --e-global-color-a538b7b );\">Enseignante EQUUSOMA en formation<\/span><\/li><li class=\"p1\">Instructrice avanc\u00e9e EponaQuestTM\u00a0&#8211; Linda Kohanov<\/li><li class=\"p1\"><span style=\"font-family: var( --e-global-typography-3af547c-font-family ), Sans-serif; font-size: var( --e-global-typography-3af547c-font-size ); font-weight: var( --e-global-typography-3af547c-font-weight ); letter-spacing: var( --e-global-typography-3af547c-letter-spacing ); word-spacing: var( --e-global-typography-3af547c-word-spacing ); background-color: var( --e-global-color-a538b7b ); color: var( --e-global-color-1af8633 );\">Equimotion &#8211; Ancienne codirectrice de l&rsquo;institut de formation en \u00e9quith\u00e9rapie<\/span><\/li><li class=\"p1\"><span style=\"font-family: var( --e-global-typography-3af547c-font-family ), Sans-serif; font-size: var( --e-global-typography-3af547c-font-size ); font-weight: var( --e-global-typography-3af547c-font-weight ); letter-spacing: var( --e-global-typography-3af547c-letter-spacing ); word-spacing: var( --e-global-typography-3af547c-word-spacing ); background-color: var( --e-global-color-a538b7b ); color: var( --e-global-color-1af8633 );\">\u00c9quith\u00e9rapeute certifi\u00e9e<\/span><\/li><li><span class=\"s1\">Form\u00e9e en psychoth\u00e9rapie corporelle avec le cheval &#8211; par Monika Mehlem<\/span><\/li><\/ul><h6 class=\"p1\"><b>Entra\u00eenement des chevaux, etc.<\/b><\/h6><ul><li class=\"p1\"><span class=\"s1\">Formation chez Elisabeth de Corbigny en \u00e9quitation \u00e9thologique par John Lyons<\/span><\/li><li class=\"p1\"><span class=\"s1\">Exp\u00e9rience d&rsquo;\u00e9quitation dans diff\u00e9rentes approches : <br \/>&#8211; Cavali\u00e8re de saut obstacle et de dressage dans mon enfance et mon adolescence<br \/>&#8211; Ride With Your Mind par Mary Wanless<br \/>&#8211; Connected Riding par Peggy Cummings<br \/>&#8211; \u00c9cole de L\u00e9g\u00e8rt\u00e9 par Phillippe Karl<br \/>&#8211; Physioriding par Sabine Bruns<\/span><\/li><li>Travail de longe avec le cavesson par Babette Teschen<\/li><li class=\"p1\"><span class=\"s1\">Travail au sol et T-Touch par Linda Tellington-Jones<\/span><\/li><li class=\"p1\"><span class=\"s1\">Clicker-Training par Marlitt Wendt<\/span><\/li><li class=\"p1\"><span class=\"s1\">Parage naturel par Tatiana Peter et F-Balance<\/span><\/li><li class=\"p1\"><span class=\"s1\">Formations en en ligne : Emotional Horsemanship (Lockie Philipps) et Intrinzen Horse (Panther Flow)<\/span><\/li><li class=\"p1\"><span class=\"s1\">Introduction Trust Technique par James French<\/span><\/li><li><p class=\"p1\"><span class=\"s1\">Plusieurs ann\u00e9es d&rsquo;exp\u00e9rience en tant que professionnelle \u00e9questre : entra\u00eenement des chevaux et coach \u00e9questre pour une \u00e9quitation intuitive, relationnelle et biom\u00e9canique<\/span><\/p><\/li><\/ul><h6 class=\"p1\"><b>Auteure<\/b><\/h6><ul><li class=\"p1\">\u00ab\u00a0Marcher dans le pas du cheval &#8211; Sagesse animale et d\u00e9couverte de soi\u00a0\u00bb avec Dr. Anna Evans<\/li><\/ul>\t\t\t\t\t\t\t\t<\/div>\n\t\t\t\t<\/div>\n\t\t\t\t\t<\/div>\n\t\t<\/div>\n\t\t\t\t\t<\/div>\n\t\t<\/section>\n\t\t\t\t<section class=\"elementor-section elementor-top-section elementor-element elementor-element-4ec1602e elementor-section-height-min-height elementor-section-boxed elementor-section-height-default elementor-section-items-middle\" data-id=\"4ec1602e\" data-element_type=\"section\" data-e-type=\"section\" data-settings=\"{&quot;background_background&quot;:&quot;classic&quot;}\">\n\t\t\t\t\t\t\t<div class=\"elementor-background-overlay\"><\/div>\n\t\t\t\t\t\t\t<div class=\"elementor-container elementor-column-gap-wider\">\n\t\t\t\t\t<div class=\"elementor-column elementor-col-100 elementor-top-column elementor-element elementor-element-192f944b\" data-id=\"192f944b\" data-element_type=\"column\" data-e-type=\"column\" data-settings=\"{&quot;motion_fx_motion_fx_scrolling&quot;:&quot;yes&quot;,&quot;motion_fx_translateY_effect&quot;:&quot;yes&quot;,&quot;motion_fx_translateY_speed&quot;:{&quot;unit&quot;:&quot;px&quot;,&quot;size&quot;:1,&quot;sizes&quot;:[]},&quot;motion_fx_translateY_affectedRange&quot;:{&quot;unit&quot;:&quot;%&quot;,&quot;size&quot;:&quot;&quot;,&quot;sizes&quot;:{&quot;start&quot;:0,&quot;end&quot;:100}},&quot;motion_fx_devices&quot;:[&quot;desktop&quot;,&quot;tablet&quot;,&quot;mobile&quot;]}\">\n\t\t\t<div class=\"elementor-widget-wrap elementor-element-populated\">\n\t\t\t\t\t\t<div class=\"elementor-element elementor-element-1bfe7c90 elementor-widget elementor-widget-text-editor\" data-id=\"1bfe7c90\" data-element_type=\"widget\" data-e-type=\"widget\" data-widget_type=\"text-editor.default\">\n\t\t\t\t<div class=\"elementor-widget-container\">\n\t\t\t\t\t\t\t\t\t<p>\u00ab\u00a0Ce que nous croyons possible d\u00e9finit ce que nous sommes capables de cr\u00e9er\u00a0\u00bb.<\/p>\t\t\t\t\t\t\t\t<\/div>\n\t\t\t\t<\/div>\n\t\t\t\t<div class=\"elementor-element elementor-element-6288b79c elementor-widget elementor-widget-heading\" data-id=\"6288b79c\" data-element_type=\"widget\" data-e-type=\"widget\" data-widget_type=\"heading.default\">\n\t\t\t\t<div class=\"elementor-widget-container\">\n\t\t\t\t\t<h2 class=\"elementor-heading-title elementor-size-default\">Nassim Haramein<\/h2>\t\t\t\t<\/div>\n\t\t\t\t<\/div>\n\t\t\t\t\t<\/div>\n\t\t<\/div>\n\t\t\t\t\t<\/div>\n\t\t<\/section>\n\t\t\t\t<section class=\"elementor-section elementor-top-section elementor-element elementor-element-df2d035 elementor-section-boxed elementor-section-height-default elementor-section-height-default\" data-id=\"df2d035\" data-element_type=\"section\" data-e-type=\"section\" data-settings=\"{&quot;background_background&quot;:&quot;classic&quot;}\">\n\t\t\t\t\t\t<div class=\"elementor-container elementor-column-gap-wider\">\n\t\t\t\t\t<div class=\"elementor-column elementor-col-100 elementor-top-column elementor-element elementor-element-9513a38\" data-id=\"9513a38\" data-element_type=\"column\" data-e-type=\"column\" data-settings=\"{&quot;motion_fx_motion_fx_scrolling&quot;:&quot;yes&quot;,&quot;motion_fx_translateY_effect&quot;:&quot;yes&quot;,&quot;motion_fx_translateY_speed&quot;:{&quot;unit&quot;:&quot;px&quot;,&quot;size&quot;:2,&quot;sizes&quot;:[]},&quot;motion_fx_translateY_affectedRange&quot;:{&quot;unit&quot;:&quot;%&quot;,&quot;size&quot;:&quot;&quot;,&quot;sizes&quot;:{&quot;start&quot;:0,&quot;end&quot;:100}},&quot;motion_fx_devices&quot;:[&quot;desktop&quot;,&quot;tablet&quot;,&quot;mobile&quot;]}\">\n\t\t\t<div class=\"elementor-widget-wrap elementor-element-populated\">\n\t\t\t\t\t\t<div class=\"elementor-element elementor-element-f586995 elementor-widget elementor-widget-image\" data-id=\"f586995\" data-element_type=\"widget\" data-e-type=\"widget\" data-widget_type=\"image.default\">\n\t\t\t\t<div class=\"elementor-widget-container\">\n\t\t\t\t\t\t\t\t\t\t\t\t\t\t\t<img fetchpriority=\"high\" decoding=\"async\" width=\"300\" height=\"425\" src=\"https:\/\/ineskaiser-grace.fr\/wp-content\/uploads\/2022\/08\/Green-Watercolor-Leaf-on-Light-Yellow-Background-Framed-Art-Print-Kopie.png\" class=\"attachment-large size-large wp-image-1695\" alt=\"\" srcset=\"https:\/\/ineskaiser-grace.fr\/wp-content\/uploads\/2022\/08\/Green-Watercolor-Leaf-on-Light-Yellow-Background-Framed-Art-Print-Kopie.png 300w, https:\/\/ineskaiser-grace.fr\/wp-content\/uploads\/2022\/08\/Green-Watercolor-Leaf-on-Light-Yellow-Background-Framed-Art-Print-Kopie-212x300.png 212w\" sizes=\"(max-width: 300px) 100vw, 300px\" \/>\t\t\t\t\t\t\t\t\t\t\t\t\t\t\t<\/div>\n\t\t\t\t<\/div>\n\t\t\t\t<div class=\"elementor-element elementor-element-e6cf720 elementor-widget elementor-widget-heading\" data-id=\"e6cf720\" data-element_type=\"widget\" data-e-type=\"widget\" data-widget_type=\"heading.default\">\n\t\t\t\t<div class=\"elementor-widget-container\">\n\t\t\t\t\t<h2 class=\"elementor-heading-title elementor-size-default\">\u00c0 propos de moi<\/h2>\t\t\t\t<\/div>\n\t\t\t\t<\/div>\n\t\t\t\t<div class=\"elementor-element elementor-element-f9718ef elementor-widget elementor-widget-text-editor\" data-id=\"f9718ef\" data-element_type=\"widget\" data-e-type=\"widget\" data-widget_type=\"text-editor.default\">\n\t\t\t\t<div class=\"elementor-widget-container\">\n\t\t\t\t\t\t\t\t\t<p data-start=\"195\" data-end=\"279\">Tr\u00e8s t\u00f4t dans ma vie, une chose \u00e9tait certaine : je voulais \u00eatre avec les chevaux.<\/p><p data-start=\"281\" data-end=\"638\">Apr\u00e8s une formation bancaire dans mon pays natal, le Liechtenstein, j\u2019ai v\u00e9cu quelques ann\u00e9es dans les Pyr\u00e9n\u00e9es fran\u00e7aises, puis dans le sud de l\u2019Allemagne, avant de m\u2019installer au Luxembourg. C\u2019est l\u00e0 que j\u2019ai trouv\u00e9 un poste dans une banque am\u00e9ricaine, qui m\u2019a permis de financer mes formations en th\u00e9rapie et en accompagnement assist\u00e9s par les chevaux.<\/p><p data-start=\"640\" data-end=\"932\">Pendant dix ans, j\u2019ai occup\u00e9 un poste \u00e0 responsabilit\u00e9 dans le secteur bancaire \u2013 une carri\u00e8re \u00e0 la fois riche et partiellement \u00e9panouissante. Parall\u00e8lement, j\u2019ai men\u00e9 un travail th\u00e9rapeutique avec l\u2019humain et le cheval pendant cinq ans, et j\u2019ai co-dirig\u00e9 l\u2019\u00e9cole d\u2019\u00e9quith\u00e9rapie Equimotion.<\/p><p data-start=\"934\" data-end=\"1128\">Mais en 2017, mon \u00e2me est venue frapper \u00e0 la porte. Elle a mis des mots sur ce que je ressentais d\u00e9j\u00e0 depuis un moment : je ne trouverais pas l\u2019\u00e9panouissement dans la voie que j\u2019avais choisie.<\/p><p data-start=\"1130\" data-end=\"1268\">Mon intuition \u00e9tait limpide. Il me fallait faire un grand saut dans l\u2019inconnu : trouver ma propre ferme \u00e9questre dans le sud de la France.<\/p>\t\t\t\t\t\t\t\t<\/div>\n\t\t\t\t<\/div>\n\t\t\t\t<div class=\"elementor-element elementor-element-a69ae14 elementor-widget elementor-widget-image\" data-id=\"a69ae14\" data-element_type=\"widget\" data-e-type=\"widget\" data-widget_type=\"image.default\">\n\t\t\t\t<div class=\"elementor-widget-container\">\n\t\t\t\t\t\t\t\t\t\t\t\t\t\t\t<img decoding=\"async\" width=\"800\" height=\"532\" src=\"https:\/\/ineskaiser-grace.fr\/wp-content\/uploads\/2022\/09\/DSC9519-1024x681.jpg\" class=\"attachment-large size-large wp-image-3739\" alt=\"\" srcset=\"https:\/\/ineskaiser-grace.fr\/wp-content\/uploads\/2022\/09\/DSC9519-1024x681.jpg 1024w, https:\/\/ineskaiser-grace.fr\/wp-content\/uploads\/2022\/09\/DSC9519-300x200.jpg 300w, https:\/\/ineskaiser-grace.fr\/wp-content\/uploads\/2022\/09\/DSC9519-768x511.jpg 768w, https:\/\/ineskaiser-grace.fr\/wp-content\/uploads\/2022\/09\/DSC9519-1536x1022.jpg 1536w, https:\/\/ineskaiser-grace.fr\/wp-content\/uploads\/2022\/09\/DSC9519-2048x1362.jpg 2048w\" sizes=\"(max-width: 800px) 100vw, 800px\" \/>\t\t\t\t\t\t\t\t\t\t\t\t\t\t\t<\/div>\n\t\t\t\t<\/div>\n\t\t\t\t<div class=\"elementor-element elementor-element-60687fd elementor-widget elementor-widget-text-editor\" data-id=\"60687fd\" data-element_type=\"widget\" data-e-type=\"widget\" data-widget_type=\"text-editor.default\">\n\t\t\t\t<div class=\"elementor-widget-container\">\n\t\t\t\t\t\t\t\t\t<p data-start=\"186\" data-end=\"775\">\u00c0 mon arriv\u00e9e \u00e0 The Place of Grace, apr\u00e8s le d\u00e9m\u00e9nagement, je me suis retrouv\u00e9e dans un \u00e9tat de profond \u00e9puisement. De longues ann\u00e9es de travail intense, une activit\u00e9 ind\u00e9pendante sans r\u00e9pit, peu de vacances, un divorce, la vente de la maison, l\u2019organisation du d\u00e9part\u2026 tout cela avait laiss\u00e9 des traces. Certains jours, je restais assise derri\u00e8re la maison, vid\u00e9e, assaillie par le doute. Je ne ressentais aucune inspiration. Je ne savais pas comment j\u2019allais g\u00e9rer la ferme, ni m\u00eame ma vie ici. Je n\u2019avais qu\u2019une id\u00e9e floue de la mani\u00e8re dont je pourrais subvenir \u00e0 mes besoins en \u0153uvrant dans ce lieu.<\/p><p data-start=\"777\" data-end=\"1355\">Ce qui m\u2019a aid\u00e9e, c\u2019est de pouvoir me regarder avec le recul de l\u2019aigle \u2014 une vue d\u2019ensemble \u2014 et de rester pleinement consciente de l\u2019\u00e9tat dans lequel je me trouvais. Cet \u00e9puisement m\u2019avait plong\u00e9e dans un tunnel, r\u00e9veillant de vieilles peurs et bloquant toute impulsion cr\u00e9ative. Alors, j\u2019ai choisi d\u2019appliquer ma propre sagesse : j\u2019ai ralenti. J\u2019ai fait confiance au processus, j\u2019ai fait du tri, et je me suis repos\u00e9e du mieux que j\u2019ai pu. Int\u00e9rieurement, je me suis donn\u00e9 six mois. Je m\u2019\u00e9tais promis de faire le point \u00e0 ce moment-l\u00e0, pour d\u00e9cider si je restais ici ou non.<\/p><p data-start=\"1357\" data-end=\"1579\">Au bout de trois mois, le brouillard a commenc\u00e9 \u00e0 se dissiper. Des portes se sont ouvertes. D\u2019anciennes clientes du Luxembourg et d\u2019Allemagne m\u2019ont contact\u00e9e : elles voulaient venir ici, continuer leur chemin accompagn\u00e9.<\/p><p data-start=\"1581\" data-end=\"1718\">Et puis, il y a eu les soutiens inattendus. Des \u00e9lans venus de toutes parts : ma famille, mes amis, mes animaux\u2026 et le monde spirituel.<\/p><p data-start=\"1720\" data-end=\"1891\">Peu \u00e0 peu, je retrouvais mon ancrage. Six mois plus tard, j\u2019allais d\u00e9j\u00e0 beaucoup mieux. Les choses circulaient davantage, ma confiance revenait. Et avec elle, l\u2019optimisme.<\/p>\t\t\t\t\t\t\t\t<\/div>\n\t\t\t\t<\/div>\n\t\t\t\t<div class=\"elementor-element elementor-element-725b234 elementor-widget elementor-widget-text-editor\" data-id=\"725b234\" data-element_type=\"widget\" data-e-type=\"widget\" data-widget_type=\"text-editor.default\">\n\t\t\t\t<div class=\"elementor-widget-container\">\n\t\t\t\t\t\t\t\t\t<h6 class=\"p1\">Aujourd&rsquo;hui, j&rsquo;enseigne ce que j&rsquo;ai appris et exp\u00e9riment\u00e9 :<\/h6><ul><li class=\"li1\"><span class=\"s2\">J&rsquo;apporte mon soutien dans la confrontation avec ce qui ne convient plus et j&rsquo;accompagne le passage \u00e0 quelque chose de nouveau.<\/span><\/li><li class=\"li1\"><span class=\"s2\">J&rsquo;enseigne la danse avec l&rsquo;inconnu.<\/span><\/li><li class=\"li1\"><span class=\"s2\">J&rsquo;aide \u00e0 surmonter la peur, l&rsquo;incertitude et le doute.<\/span><\/li><li class=\"li1\"><span class=\"s2\">J&rsquo;enseigne la compr\u00e9hension de la mani\u00e8re dont les sch\u00e9mas traumatiques nous bloquent et nous emp\u00eachent d&rsquo;avancer. Je montre, comment nous pouvons \u00e0 nouveau adopter une perspective plus large, en ralentissant et en prenant soin de soi. <\/span><\/li><li class=\"li1\"><span class=\"s2\">J&rsquo;encourage \u00e0 faire confiance \u00e0 sa propre voix int\u00e9rieure et \u00e0 croire en son pouvoir cr\u00e9ateur.<\/span><\/li><li class=\"li1\"><span class=\"s2\">J&rsquo;accompagne dans les moments sombres et \u00e0 travers l&rsquo;exp\u00e9rience d&rsquo;en sortir plus fort.<\/span><\/li><li class=\"li1\"><span class=\"s2\">J&rsquo;encourage \u00e0 r\u00e9aliser ses r\u00eaves.<\/span><\/li><li class=\"li1\"><span class=\"s2\">Je montre comment il est possible de prendre des risques bien calcul\u00e9s.<br \/><\/span><\/li><\/ul><h6><br \/><br \/>Qui je suis dans mon Essence : Je suis une passeuse de seuils.<\/h6><p style=\"font-weight: 400;\" data-start=\"276\" data-end=\"1301\">J\u2019ouvre un\u00a0<strong>espace entre-deux vivant<\/strong>\u00a0: entre un avant et un apr\u00e8s, entre la s\u00e9curit\u00e9 connue et un territoire encore inconnu, entre le contr\u00f4le et l\u2019abandon, et parfois m\u00eame entre la vie et la mort, qu\u2019elle soit symbolique, humaine ou animale. \u00catre passeuse de seuils ne signifie pas \u00ab faire passer \u00bb les autres, savoir \u00e0 leur place, ni promettre un ailleurs. Cela signifie\u00a0<strong>savoir rester l\u00e0<\/strong>, au seuil, sans pr\u00e9cipiter le mouvement, sans forcer la transformation. J\u2019y tiens un espace\u00a0<strong>sobre et incarn\u00e9<\/strong>, pour que le passage \u2014 s\u2019il a lieu \u2014 soit organique.<\/p><p style=\"font-weight: 400;\">J\u2019habite ces zones liminales avec respect : je reconnais les moments o\u00f9 quelque chose arrive \u00e0 sa fin et j\u2019accepte de laisser mourir, sans chercher \u00e0 sauver ou \u00e0 r\u00e9parer trop vite. Je ne fais pas de la transformation un spectacle spirituel, car la magie \u0153uvre souvent dans ce qui semble non spectaculaire. J\u2019offre surtout une\u00a0<strong>pr\u00e9sence stable dans l\u2019incertitude<\/strong>, l\u00e0 o\u00f9 le non-savoir devient r\u00e9gulateur et profond\u00e9ment vivant.<\/p><p style=\"font-weight: 400;\" data-start=\"1303\" data-end=\"1855\">Mon chemin spirituel ne cherche pas \u00e0 expliquer le myst\u00e8re, mais \u00e0 l\u2019habiter \u2014 avec pr\u00e9sence, lenteur et \u00e9coute. Ma spiritualit\u00e9 n\u2019est pas conceptuelle : elle est incarn\u00e9e, ancr\u00e9e dans le corps, le souffle et la relation au vivant.<br data-start=\"1534\" data-end=\"1537\" \/>Je marche sur une voie de\u00a0<strong>profondeur<\/strong>\u00a0: une spiritualit\u00e9 qui descend dans la mati\u00e8re, qui fait face \u00e0 l\u2019ombre, qui vit le deuil parfois, et qui accepte de ne pas savoir, de rester dans le silence. Le non-savoir est pour moi un\u00a0<strong>espace sacr\u00e9<\/strong>, l\u00e0 o\u00f9 l\u2019ego se retire et o\u00f9 une <strong>intelligence plus vaste<\/strong> peut guider.<\/p><p style=\"font-weight: 400;\" data-start=\"1857\" data-end=\"2282\">Les chevaux sont au c\u0153ur de ma vie et de mon \u0153uvre. Ils\u00a0<strong>prolongent mon \u00e2me<\/strong>, et je me laisse prolonger par la leur. Ils ne sont pas pour moi des symboles ou des guides id\u00e9alis\u00e9s, mais des\u00a0<strong>alli\u00e9s de v\u00e9rit\u00e9<\/strong>. Avec eux, je me tiens \u00e0 c\u00f4t\u00e9, dans une relation de respect et de r\u00e9ciprocit\u00e9. Ils m\u2019ont enseign\u00e9 l\u2019humilit\u00e9, l\u2019\u00e9coute fine, et l\u2019art de cr\u00e9er des relations o\u00f9 chacun peut se sentir pleinement\u00a0<strong>vu et reconnu<\/strong>.<\/p><p style=\"font-weight: 400;\" data-start=\"2284\" data-end=\"2583\">Mon parcours est aussi travers\u00e9 par l\u2019exp\u00e9rience du chagrin, de la perte et de l\u2019impuissance face \u00e0 la vie et \u00e0 la mort. Ces travers\u00e9es ont fa\u00e7onn\u00e9 en moi une voie vers la\u00a0<strong>reddition<\/strong>\u00a0et m\u2019ont appris \u00e0 aimer la vie non parce qu\u2019elle est toujours belle, mais parce qu\u2019elle est profond\u00e9ment vraie.<\/p><p style=\"font-weight: 400;\" data-start=\"2585\" data-end=\"2936\">Ma pr\u00e9sence et mon accompagnement s\u2019inscrivent dans une approche\u00a0<strong>relationnelle et r\u00e9gulatrice<\/strong>. Je suis d\u00e9licatement \u00e0 l\u2019\u00e9coute des \u00e9tats int\u00e9rieurs, de l\u2019accordage entre les humains et avec les chevaux, et de la mani\u00e8re dont les syst\u00e8mes nerveux peuvent retrouver s\u00e9curit\u00e9 et coh\u00e9rence, pour cr\u00e9er un espace o\u00f9 le vivant peut \u00e0 nouveau circuler.<\/p><p style=\"font-weight: 400;\" data-start=\"2938\" data-end=\"3255\">J\u2019\u0153uvre pour une spiritualit\u00e9 du\u00a0<strong>retour \u00e0 l\u2019intelligence du vivant<\/strong>, loin des dogmes et des promesses de transformation rapide. Une voie qui reconna\u00eet que certaines blessures ne se \u00ab r\u00e9solvent \u00bb pas, mais\u00a0<strong>trouvent leur gu\u00e9rison autrement<\/strong>, en devenant des lieux de transmission, de service et de beaut\u00e9 sobre.<\/p><p style=\"font-weight: 400;\" data-start=\"2938\" data-end=\"3255\">\u00a0<\/p>\t\t\t\t\t\t\t\t<\/div>\n\t\t\t\t<\/div>\n\t\t\t\t\t<\/div>\n\t\t<\/div>\n\t\t\t\t\t<\/div>\n\t\t<\/section>\n\t\t\t\t<section class=\"elementor-section elementor-top-section elementor-element elementor-element-1576cf47 elementor-section-height-min-height elementor-section-boxed elementor-section-height-default elementor-section-items-middle\" data-id=\"1576cf47\" data-element_type=\"section\" data-e-type=\"section\" data-settings=\"{&quot;background_background&quot;:&quot;classic&quot;}\">\n\t\t\t\t\t\t<div class=\"elementor-container elementor-column-gap-default\">\n\t\t\t\t\t<div class=\"elementor-column elementor-col-100 elementor-top-column elementor-element elementor-element-7d816eb5\" data-id=\"7d816eb5\" data-element_type=\"column\" data-e-type=\"column\" data-settings=\"{&quot;motion_fx_motion_fx_scrolling&quot;:&quot;yes&quot;,&quot;motion_fx_translateY_effect&quot;:&quot;yes&quot;,&quot;motion_fx_translateY_speed&quot;:{&quot;unit&quot;:&quot;px&quot;,&quot;size&quot;:2,&quot;sizes&quot;:[]},&quot;motion_fx_translateY_affectedRange&quot;:{&quot;unit&quot;:&quot;%&quot;,&quot;size&quot;:&quot;&quot;,&quot;sizes&quot;:{&quot;start&quot;:0,&quot;end&quot;:100}},&quot;motion_fx_devices&quot;:[&quot;desktop&quot;,&quot;tablet&quot;,&quot;mobile&quot;]}\">\n\t\t\t<div class=\"elementor-widget-wrap elementor-element-populated\">\n\t\t\t\t\t\t<div class=\"elementor-element elementor-element-60a82294 elementor-widget elementor-widget-menu-anchor\" data-id=\"60a82294\" data-element_type=\"widget\" data-e-type=\"widget\" data-widget_type=\"menu-anchor.default\">\n\t\t\t\t<div class=\"elementor-widget-container\">\n\t\t\t\t\t\t\t<div class=\"elementor-menu-anchor\" id=\"herzensthemen\"><\/div>\n\t\t\t\t\t\t<\/div>\n\t\t\t\t<\/div>\n\t\t\t\t<div class=\"elementor-element elementor-element-6aea5599 e-transform elementor-widget elementor-widget-image\" data-id=\"6aea5599\" data-element_type=\"widget\" data-e-type=\"widget\" data-settings=\"{&quot;_transform_rotateZ_effect&quot;:{&quot;unit&quot;:&quot;px&quot;,&quot;size&quot;:35,&quot;sizes&quot;:[]},&quot;_transform_rotateZ_effect_tablet&quot;:{&quot;unit&quot;:&quot;deg&quot;,&quot;size&quot;:&quot;&quot;,&quot;sizes&quot;:[]},&quot;_transform_rotateZ_effect_mobile&quot;:{&quot;unit&quot;:&quot;deg&quot;,&quot;size&quot;:&quot;&quot;,&quot;sizes&quot;:[]}}\" data-widget_type=\"image.default\">\n\t\t\t\t<div class=\"elementor-widget-container\">\n\t\t\t\t\t\t\t\t\t\t\t\t\t\t\t<img fetchpriority=\"high\" decoding=\"async\" width=\"300\" height=\"425\" src=\"https:\/\/ineskaiser-grace.fr\/wp-content\/uploads\/2022\/08\/Green-Watercolor-Leaf-on-Light-Yellow-Background-Framed-Art-Print-Kopie.png\" class=\"attachment-large size-large wp-image-1695\" alt=\"\" srcset=\"https:\/\/ineskaiser-grace.fr\/wp-content\/uploads\/2022\/08\/Green-Watercolor-Leaf-on-Light-Yellow-Background-Framed-Art-Print-Kopie.png 300w, https:\/\/ineskaiser-grace.fr\/wp-content\/uploads\/2022\/08\/Green-Watercolor-Leaf-on-Light-Yellow-Background-Framed-Art-Print-Kopie-212x300.png 212w\" sizes=\"(max-width: 300px) 100vw, 300px\" \/>\t\t\t\t\t\t\t\t\t\t\t\t\t\t\t<\/div>\n\t\t\t\t<\/div>\n\t\t\t\t<div class=\"elementor-element elementor-element-838ed0d elementor-widget elementor-widget-heading\" data-id=\"838ed0d\" data-element_type=\"widget\" data-e-type=\"widget\" data-widget_type=\"heading.default\">\n\t\t\t\t<div class=\"elementor-widget-container\">\n\t\t\t\t\t<h2 class=\"elementor-heading-title elementor-size-default\"><span style=\"font-size: 50px;white-space: normal\">Sujets de coeur<\/span><\/h2>\t\t\t\t<\/div>\n\t\t\t\t<\/div>\n\t\t\t\t<div class=\"elementor-element elementor-element-5fc874ca elementor-widget elementor-widget-toggle\" data-id=\"5fc874ca\" data-element_type=\"widget\" data-e-type=\"widget\" data-widget_type=\"toggle.default\">\n\t\t\t\t<div class=\"elementor-widget-container\">\n\t\t\t\t\t\t\t<div class=\"elementor-toggle\">\n\t\t\t\t\t\t\t<div class=\"elementor-toggle-item\">\n\t\t\t\t\t<div id=\"elementor-tab-title-1601\" class=\"elementor-tab-title\" data-tab=\"1\" role=\"button\" aria-controls=\"elementor-tab-content-1601\" aria-expanded=\"false\">\n\t\t\t\t\t\t\t\t\t\t\t\t<span class=\"elementor-toggle-icon elementor-toggle-icon-left\" aria-hidden=\"true\">\n\t\t\t\t\t\t\t\t\t\t\t\t\t\t\t<span class=\"elementor-toggle-icon-closed\"><i class=\"fas fa-caret-right\"><\/i><\/span>\n\t\t\t\t\t\t\t\t<span class=\"elementor-toggle-icon-opened\"><i class=\"elementor-toggle-icon-opened fas fa-caret-up\"><\/i><\/span>\n\t\t\t\t\t\t\t\t\t\t\t\t\t<\/span>\n\t\t\t\t\t\t\t\t\t\t\t\t<a class=\"elementor-toggle-title\" tabindex=\"0\">La part d'ombre<\/a>\n\t\t\t\t\t<\/div>\n\n\t\t\t\t\t<div id=\"elementor-tab-content-1601\" class=\"elementor-tab-content elementor-clearfix\" data-tab=\"1\" role=\"region\" aria-labelledby=\"elementor-tab-title-1601\"><p data-start=\"237\" data-end=\"578\">La part d\u2019ombre repr\u00e9sente ce qui est inconscient ou encore inconnu en nous. Ce mot suscite souvent un malaise, car nous l\u2019associons \u00e0 quelque chose d\u2019obscur, voire de mena\u00e7ant. Pourtant, il s\u2019agit d\u2019une force puissante, qui influence profond\u00e9ment notre vie \u2014 et ce, d\u2019autant plus lorsqu\u2019elle reste refoul\u00e9e dans l\u2019obscurit\u00e9 de notre psych\u00e9.<\/p><p data-start=\"580\" data-end=\"629\">\u00c0 mes yeux, l\u2019ombre rec\u00e8le de v\u00e9ritables tr\u00e9sors.<\/p><p data-start=\"631\" data-end=\"1197\">Notre conditionnement social et nos blessures nous poussent \u00e0 rejeter certains aspects de nous-m\u00eames, \u00e0 \u00ab ne pas vouloir les voir \u00bb. Nous les camouflons \u2014 aux autres, mais aussi \u00e0 nous-m\u00eames \u2014, comme si ces parts d\u2019ombre pouvaient dispara\u00eetre. Mais c\u2019est une impasse : on ne peut pas simplement s\u2019en d\u00e9barrasser. Cette opposition cr\u00e9e une lutte int\u00e9rieure qui nous \u00e9puise. Et bien souvent, ce que nous n\u2019acceptons pas en nous, nous le projetons \u00e0 l\u2019ext\u00e9rieur. Nous le voyons chez les autres, l\u00e0 o\u00f9 cela nous irrite, nous d\u00e9range, nous pousse au jugement ou au rejet.<\/p><p data-start=\"1199\" data-end=\"1738\">Mais si nous choisissons d\u2019approcher ces parts enfouies avec curiosit\u00e9 et bienveillance, alors commence une v\u00e9ritable chasse au tr\u00e9sor. M\u00eame si les premiers pas sont parfois inconfortables ou douloureux, ils r\u00e9v\u00e8lent un potentiel immense. En int\u00e9grant ces aspects oubli\u00e9s, nous retrouvons une force de cr\u00e9ation qui peut transformer notre mani\u00e8re de vivre. Plut\u00f4t que de rester pi\u00e9g\u00e9s dans les jugements de bien ou de mal, nous assumons la responsabilit\u00e9 de nos \u00e9motions, de nos pens\u00e9es. Cela ouvre un autre regard, plus large, plus nuanc\u00e9.<\/p><p data-start=\"1740\" data-end=\"2198\">Les chevaux, avec leurs antennes si fines, per\u00e7oivent instinctivement nos parts d\u2019ombre, celles que nous avons enfouies ou r\u00e9prim\u00e9es. \u00c0 leur contact, ces zones deviennent accessibles. Les rencontrer nous permet de mieux nous comprendre, de nous accepter tels que nous sommes, et de vivre de mani\u00e8re plus consciente, plus enti\u00e8re. Nous nous reconnectons \u00e0 la puissance cr\u00e9atrice en nous, et nous pouvons alors exprimer ce qui vit au plus profond de notre \u00e2me.<\/p><\/div>\n\t\t\t\t<\/div>\n\t\t\t\t\t\t\t<div class=\"elementor-toggle-item\">\n\t\t\t\t\t<div id=\"elementor-tab-title-1602\" class=\"elementor-tab-title\" data-tab=\"2\" role=\"button\" aria-controls=\"elementor-tab-content-1602\" aria-expanded=\"false\">\n\t\t\t\t\t\t\t\t\t\t\t\t<span class=\"elementor-toggle-icon elementor-toggle-icon-left\" aria-hidden=\"true\">\n\t\t\t\t\t\t\t\t\t\t\t\t\t\t\t<span class=\"elementor-toggle-icon-closed\"><i class=\"fas fa-caret-right\"><\/i><\/span>\n\t\t\t\t\t\t\t\t<span class=\"elementor-toggle-icon-opened\"><i class=\"elementor-toggle-icon-opened fas fa-caret-up\"><\/i><\/span>\n\t\t\t\t\t\t\t\t\t\t\t\t\t<\/span>\n\t\t\t\t\t\t\t\t\t\t\t\t<a class=\"elementor-toggle-title\" tabindex=\"0\">Les limites<\/a>\n\t\t\t\t\t<\/div>\n\n\t\t\t\t\t<div id=\"elementor-tab-content-1602\" class=\"elementor-tab-content elementor-clearfix\" data-tab=\"2\" role=\"region\" aria-labelledby=\"elementor-tab-title-1602\"><ul><li><p class=\"p1\"><span class=\"s1\">Un lien et de la connexion \u00e0 travers les limites ? Oui !<\/span><\/p><p><span class=\"s1\"><b><\/b>&#8230;car seul celui qui ose dire \u00ab\u00a0non\u00a0\u00bb peut dire \u00ab\u00a0oui\u00a0\u00bb de mani\u00e8re authentique !<\/span><\/p><p class=\"p1\"><span class=\"s1\">Les limites nous s\u00e9parent pr\u00e9tendument les uns des autres. Mais si nous y regardons de plus pr\u00e8s, nous constatons que le respect des limites et de notre espace personnel peut avoir l&rsquo;effet exactement inverse: il peut renforcer et approfondir les relations. Car si je sais que mes limites sont respect\u00e9es lorsque je les pose, je peux permettre une plus grande proximit\u00e9 et \u00e9tablir de la confiance. <\/span><\/p><p class=\"p1\"><span class=\"s1\">Dans notre culture, la gestion des limites tient souvent peu compte des besoins individuels. Nous apprenons plut\u00f4t des formes de comportement g\u00e9n\u00e9rales, \u00ab\u00a0socialement\u00a0\u00bb adapt\u00e9es, et nous nous sentons rejet\u00e9s lorsque quelqu&rsquo;un pose une limite, ou coupables, voire honteux, lorsque nous signalons nous-m\u00eames une limite. <\/span><\/p><p class=\"p1\"><span class=\"s1\">Les chevaux peuvent nous aider \u00e0 affiner notre perception de nos propres limites et de celles des autres. Leur fa\u00e7on de g\u00e9rer les espaces personnels et les limites est tr\u00e8s clair, ouvert, expressif et pourtant si fin, authentique et direct. <\/span><\/p><p class=\"p1\"><span class=\"s1\">Afin de pouvoir poser des limites justes, il faut que je sois en contact avec moi-m\u00eame et que je sente mes besoins. Ce ressenti passe par mes sensations corporelles et ma perception subtile de mon espace personnel. Car quand on se met \u00e0 l&rsquo;\u00e9coute, le corps communique clairement o\u00f9 se trouvent les limites.<\/span><\/p><\/li><\/ul><\/div>\n\t\t\t\t<\/div>\n\t\t\t\t\t\t\t<div class=\"elementor-toggle-item\">\n\t\t\t\t\t<div id=\"elementor-tab-title-1603\" class=\"elementor-tab-title\" data-tab=\"3\" role=\"button\" aria-controls=\"elementor-tab-content-1603\" aria-expanded=\"false\">\n\t\t\t\t\t\t\t\t\t\t\t\t<span class=\"elementor-toggle-icon elementor-toggle-icon-left\" aria-hidden=\"true\">\n\t\t\t\t\t\t\t\t\t\t\t\t\t\t\t<span class=\"elementor-toggle-icon-closed\"><i class=\"fas fa-caret-right\"><\/i><\/span>\n\t\t\t\t\t\t\t\t<span class=\"elementor-toggle-icon-opened\"><i class=\"elementor-toggle-icon-opened fas fa-caret-up\"><\/i><\/span>\n\t\t\t\t\t\t\t\t\t\t\t\t\t<\/span>\n\t\t\t\t\t\t\t\t\t\t\t\t<a class=\"elementor-toggle-title\" tabindex=\"0\">Principes quantiques<\/a>\n\t\t\t\t\t<\/div>\n\n\t\t\t\t\t<div id=\"elementor-tab-content-1603\" class=\"elementor-tab-content elementor-clearfix\" data-tab=\"3\" role=\"region\" aria-labelledby=\"elementor-tab-title-1603\"><ul><li><p class=\"p1\"><span class=\"s1\">Les principes quantiques s&rsquo;appuient sur la science de la m\u00e9canique et de la physique quantique. Ils nous disent aujourd&rsquo;hui scientifiquement ce que les traditions de sagesse indig\u00e8nes et orientales savaient d\u00e9j\u00e0 il y a tr\u00e8s longtemps : la s\u00e9paration est une illusion. Nous sommes tous reli\u00e9s \u00e0 tout ce qui existe. <\/span><\/p><p class=\"p1\"><span class=\"s1\">Beaucoup d&rsquo;entre nous l&rsquo;ont d\u00e9j\u00e0 entendu d&rsquo;une mani\u00e8re ou d&rsquo;une autre, mais qu&rsquo;est-ce que cela signifie concr\u00e8tement ? Comment cette conscience affecte-t-elle notre vie ici et maintenant ? <\/span><\/p><p class=\"p1\"><span class=\"s1\">Je me suis donn\u00e9e pour mission de traduire les principes quantiques dans un langage et une application pratique, afin qu&rsquo;ils nous servent et nous orientent dans la vie quotidienne. <\/span><\/p><p class=\"p1\"><span class=\"s1\">Ce sujet me fascine depuis longtemps et je me suis toujours demand\u00e9e : comment se fait-il que nous ayons perdu le contact avec cette sagesse ? Une partie de la r\u00e9ponse m&rsquo;est venue avec le temps : nos traumatismes nous ont d\u00e9connect\u00e9s de cela. C&rsquo;est pourquoi il est devenu \u00e9vident pour moi, que le traumatisme et les principes quantiques ne peuvent pas \u00eatre consid\u00e9r\u00e9s s\u00e9par\u00e9ment.<\/span><\/p><p class=\"p1\"><span class=\"s1\">Je montre ces liens.<\/span><\/p><p class=\"p1\"><span class=\"s1\">J&rsquo;attache beaucoup d&rsquo;importance aux nuances et il s&rsquo;agit avant tout de faire l&rsquo;exp\u00e9rience de ces principes.<\/span><\/p><p class=\"p1\"><span class=\"s1\">Ma curiosit\u00e9 dans ce processus d&rsquo;exp\u00e9rience va entre autre vers les questions suivantes : <\/span><\/p><p class=\"p1\"><span class=\"s1\">&#8211; Si tout est reli\u00e9 \u00e0 tout et que tout est toujours en mouvement, comment est-ce que je participe \u00e0 ce grand tout ? Quel est l&rsquo;impact sur ma vie ? Qu&rsquo;est-ce que j&rsquo;apporte au monde avec mes pens\u00e9es, mes sensations, mes \u00e9motions, mon attitude, mon regard sur les choses et ma fa\u00e7on d&rsquo;\u00eatre ? <\/span><\/p><p class=\"p1\"><span class=\"s1\">&#8211; Suis-je conscient des parties de moi qui cr\u00e9ent des r\u00e9alit\u00e9s ? Comment mon \u00ab\u00a0regard sur quelque chose\u00a0\u00bb influence-t-il les situations, les interactions, les sentiments et les exp\u00e9riences ?<\/span><\/p><p class=\"p1\"><span class=\"s1\">&#8211; Comment prendre des d\u00e9cisions ? Ai-je conscience du pouvoir de mes d\u00e9cisions et de l&rsquo;influence qu&rsquo;elles ont sur ma vie ?<\/span><\/p><p class=\"p1\"><span class=\"s1\">&#8211; Puis-je reconna\u00eetre que ce que je rencontre \u00e0 l&rsquo;ext\u00e9rieur, et comment cela r\u00e9sonne en moi, r\u00e9v\u00e8le des \u00e9l\u00e9ments me concernant ?<\/span><\/p><\/li><\/ul><\/div>\n\t\t\t\t<\/div>\n\t\t\t\t\t\t\t<div class=\"elementor-toggle-item\">\n\t\t\t\t\t<div id=\"elementor-tab-title-1604\" class=\"elementor-tab-title\" data-tab=\"4\" role=\"button\" aria-controls=\"elementor-tab-content-1604\" aria-expanded=\"false\">\n\t\t\t\t\t\t\t\t\t\t\t\t<span class=\"elementor-toggle-icon elementor-toggle-icon-left\" aria-hidden=\"true\">\n\t\t\t\t\t\t\t\t\t\t\t\t\t\t\t<span class=\"elementor-toggle-icon-closed\"><i class=\"fas fa-caret-right\"><\/i><\/span>\n\t\t\t\t\t\t\t\t<span class=\"elementor-toggle-icon-opened\"><i class=\"elementor-toggle-icon-opened fas fa-caret-up\"><\/i><\/span>\n\t\t\t\t\t\t\t\t\t\t\t\t\t<\/span>\n\t\t\t\t\t\t\t\t\t\t\t\t<a class=\"elementor-toggle-title\" tabindex=\"0\">Traumatisme<\/a>\n\t\t\t\t\t<\/div>\n\n\t\t\t\t\t<div id=\"elementor-tab-content-1604\" class=\"elementor-tab-content elementor-clearfix\" data-tab=\"4\" role=\"region\" aria-labelledby=\"elementor-tab-title-1604\"><p>Traumatisme transg\u00e9n\u00e9rationnel, traumatisme pr\u00e9natal, traumatisme de la naissance, traumatisme de l&rsquo;enfance, traumatisme du choc. Les sciences actuelles montrent comment nous sommes tous concern\u00e9s. Nous sommes n\u00e9s dans une soci\u00e9t\u00e9 traumatis\u00e9e. On peut penser que c&rsquo;est grave. Pour autant, mon exp\u00e9rience me montre que cela n&rsquo;est grave que si nous le nions, si nous nous en d\u00e9tournons. J&rsquo;invite donc \u00e0 une prise de conscience, et \u00e0 un regard aimant et compatissant sur nous-m\u00eames. Car nous vivons aujourd&rsquo;hui \u00e0 une \u00e9poque o\u00f9 de grandes \u00e9tapes d&rsquo;int\u00e9gration et de liberation sont possibles. Nous pouvons faire aujourd&rsquo;hui beaucoup de choses, qui \u00e9taient \u00e0 l&rsquo;\u00e9poque, impossibles pour nos anc\u00eatres.<\/p><h3><strong>LE TRAUMATISME EST UNE FONCTION INTELLIGENTE.<\/strong><\/h3><p>Cela nous aide \u00e0 remettre \u00e0 plus tard l&rsquo;int\u00e9gration d&rsquo;\u00e9v\u00e9nements qui \u00e9taient bien trop \u00e9crasants au moment o\u00f9 ils se sont produits. Mais souvent, nous n&rsquo;avons pas conscience de ces \u00e9v\u00e9nements, car ils nous ont \u00e9t\u00e9 transmis par h\u00e9ritage ou se sont produits \u00e0 une \u00e9poque dont nous n&rsquo;avons aucun souvenir. C&rsquo;est pourquoi les th\u00e8mes apparaissent plus tard sur la sc\u00e8ne de notre vie, de sorte que nous y sommes attentifs.<\/p><p>Cela vaut pour nous, mais aussi pour les chevaux. Ils sont \u00e9troitement li\u00e9s \u00e0 notre histoire, et leurs traumatismes remontent \u00e0 la surface \u00e0 notre contact, tout comme ils le font pour nous. Le chemin de la gu\u00e9rison et de l&rsquo;int\u00e9gration communes devient possible et nous procure un immense soulagement. Nous devenons libres.<\/p><p>Savez-vous que les traumatismes non int\u00e9gr\u00e9s peuvent vous priver d&rsquo;une partie de votre force vitale ? Ils peuvent vous emp\u00eacher d&rsquo;aborder la vie avec optimisme, et d\u00e9former qui vous \u00eates vraiment en encourageant l&rsquo;autocritique, l&rsquo;autod\u00e9pr\u00e9ciation et la culpabilit\u00e9 ?<\/p><p>Dans le traumatisme, est emprisonn\u00e9e une quantit\u00e9 \u00e9norme de force qui ne vous sert pas \u00e0 construire votre vie. La lib\u00e9ration et l&rsquo;int\u00e9gration de ces parts conduisent \u00e0 l&#8217;emergence et la re-connexion avec votre propre pouvoir cr\u00e9ateur.<\/p><\/div>\n\t\t\t\t<\/div>\n\t\t\t\t\t\t\t\t<\/div>\n\t\t\t\t\t\t<\/div>\n\t\t\t\t<\/div>\n\t\t\t\t<section class=\"elementor-section elementor-inner-section elementor-element elementor-element-2c84c538 elementor-section-content-middle elementor-section-boxed elementor-section-height-default elementor-section-height-default\" data-id=\"2c84c538\" data-element_type=\"section\" data-e-type=\"section\">\n\t\t\t\t\t\t<div class=\"elementor-container elementor-column-gap-default\">\n\t\t\t\t\t<div class=\"elementor-column elementor-col-100 elementor-inner-column elementor-element elementor-element-798e1746\" data-id=\"798e1746\" data-element_type=\"column\" data-e-type=\"column\">\n\t\t\t<div class=\"elementor-widget-wrap elementor-element-populated\">\n\t\t\t\t\t\t<div class=\"elementor-element elementor-element-70f916a4 elementor-align-center elementor-widget elementor-widget-button\" data-id=\"70f916a4\" data-element_type=\"widget\" data-e-type=\"widget\" data-widget_type=\"button.default\">\n\t\t\t\t<div class=\"elementor-widget-container\">\n\t\t\t\t\t\t\t\t\t<div class=\"elementor-button-wrapper\">\n\t\t\t\t\t<a class=\"elementor-button elementor-button-link elementor-size-sm\" href=\"https:\/\/ineskaiser-grace.fr\/kontakt\/\" id=\"button1\">\n\t\t\t\t\t\t<span class=\"elementor-button-content-wrapper\">\n\t\t\t\t\t\t\t\t\t<span class=\"elementor-button-text\">Cliquez ici pour me contacter<\/span>\n\t\t\t\t\t<\/span>\n\t\t\t\t\t<\/a>\n\t\t\t\t<\/div>\n\t\t\t\t\t\t\t\t<\/div>\n\t\t\t\t<\/div>\n\t\t\t\t\t<\/div>\n\t\t<\/div>\n\t\t\t\t\t<\/div>\n\t\t<\/section>\n\t\t\t\t\t<\/div>\n\t\t<\/div>\n\t\t\t\t\t<\/div>\n\t\t<\/section>\n\t\t\t\t<section class=\"elementor-section elementor-top-section elementor-element elementor-element-7d878ca elementor-section-height-min-height elementor-section-boxed elementor-section-height-default elementor-section-items-middle\" data-id=\"7d878ca\" data-element_type=\"section\" data-e-type=\"section\" data-settings=\"{&quot;background_background&quot;:&quot;classic&quot;}\">\n\t\t\t\t\t\t\t<div class=\"elementor-background-overlay\"><\/div>\n\t\t\t\t\t\t\t<div class=\"elementor-container elementor-column-gap-wider\">\n\t\t\t\t\t<div class=\"elementor-column elementor-col-100 elementor-top-column elementor-element elementor-element-05391fe\" data-id=\"05391fe\" data-element_type=\"column\" data-e-type=\"column\" data-settings=\"{&quot;motion_fx_motion_fx_scrolling&quot;:&quot;yes&quot;,&quot;motion_fx_translateY_effect&quot;:&quot;yes&quot;,&quot;motion_fx_translateY_speed&quot;:{&quot;unit&quot;:&quot;px&quot;,&quot;size&quot;:1,&quot;sizes&quot;:[]},&quot;motion_fx_translateY_affectedRange&quot;:{&quot;unit&quot;:&quot;%&quot;,&quot;size&quot;:&quot;&quot;,&quot;sizes&quot;:{&quot;start&quot;:0,&quot;end&quot;:100}},&quot;motion_fx_devices&quot;:[&quot;desktop&quot;,&quot;tablet&quot;,&quot;mobile&quot;]}\">\n\t\t\t<div class=\"elementor-widget-wrap elementor-element-populated\">\n\t\t\t\t\t\t<div class=\"elementor-element elementor-element-1bd3f0e elementor-widget elementor-widget-heading\" data-id=\"1bd3f0e\" data-element_type=\"widget\" data-e-type=\"widget\" data-widget_type=\"heading.default\">\n\t\t\t\t<div class=\"elementor-widget-container\">\n\t\t\t\t\t<h2 class=\"elementor-heading-title elementor-size-default\">\" La blessure est l'endroit o\u00f9 la lumi\u00e8re vous p\u00e9n\u00e8tre. \"\n<\/h2>\t\t\t\t<\/div>\n\t\t\t\t<\/div>\n\t\t\t\t<div class=\"elementor-element elementor-element-875d2d3 elementor-widget elementor-widget-heading\" data-id=\"875d2d3\" data-element_type=\"widget\" data-e-type=\"widget\" data-widget_type=\"heading.default\">\n\t\t\t\t<div class=\"elementor-widget-container\">\n\t\t\t\t\t<h2 class=\"elementor-heading-title elementor-size-default\">Rumi<\/h2>\t\t\t\t<\/div>\n\t\t\t\t<\/div>\n\t\t\t\t\t<\/div>\n\t\t<\/div>\n\t\t\t\t\t<\/div>\n\t\t<\/section>\n\t\t\t\t<\/div>\n\t\t","protected":false},"excerpt":{"rendered":"<p>Exp\u00e9riences *1978, originaire du Liechtenstein Fondatrice The Place of Grace &#8211; un lieu de connexion au vivant Psychoth\u00e9rapie corporelle Core Energetics par John Pierrakos au Core Energetics Institute, Suisse et NICE &#8211; Netherlands Institute of Core Energetics Somatic Experiencing Practitioner (SEP) &#8211; Th\u00e9rapie des traumatismes par Peter Levine Assistanat dans la formation Somatic Experiencing en [&hellip;]<\/p>\n","protected":false},"author":1,"featured_media":0,"parent":0,"menu_order":0,"comment_status":"closed","ping_status":"closed","template":"elementor_header_footer","meta":{"footnotes":""},"class_list":["post-2924","page","type-page","status-publish","hentry"],"aioseo_notices":[],"_links":{"self":[{"href":"https:\/\/ineskaiser-grace.fr\/fr\/wp-json\/wp\/v2\/pages\/2924","targetHints":{"allow":["GET"]}}],"collection":[{"href":"https:\/\/ineskaiser-grace.fr\/fr\/wp-json\/wp\/v2\/pages"}],"about":[{"href":"https:\/\/ineskaiser-grace.fr\/fr\/wp-json\/wp\/v2\/types\/page"}],"author":[{"embeddable":true,"href":"https:\/\/ineskaiser-grace.fr\/fr\/wp-json\/wp\/v2\/users\/1"}],"replies":[{"embeddable":true,"href":"https:\/\/ineskaiser-grace.fr\/fr\/wp-json\/wp\/v2\/comments?post=2924"}],"version-history":[{"count":6,"href":"https:\/\/ineskaiser-grace.fr\/fr\/wp-json\/wp\/v2\/pages\/2924\/revisions"}],"predecessor-version":[{"id":5585,"href":"https:\/\/ineskaiser-grace.fr\/fr\/wp-json\/wp\/v2\/pages\/2924\/revisions\/5585"}],"wp:attachment":[{"href":"https:\/\/ineskaiser-grace.fr\/fr\/wp-json\/wp\/v2\/media?parent=2924"}],"curies":[{"name":"wp","href":"https:\/\/api.w.org\/{rel}","templated":true}]}}